{"id":441,"date":"2023-05-30T17:56:14","date_gmt":"2023-05-30T17:56:14","guid":{"rendered":"http:\/\/ec2-18-229-160-1.sa-east-1.compute.amazonaws.com\/?page_id=441"},"modified":"2026-04-16T17:11:14","modified_gmt":"2026-04-16T20:11:14","slug":"feira-de-negocio","status":"publish","type":"page","link":"https:\/\/shimanofest.com.br\/index.php\/credenciamento\/feira-de-negocio\/","title":{"rendered":"Feira de Neg\u00f3cios"},"content":{"rendered":"\t\t<div data-elementor-type=\"wp-page\" data-elementor-id=\"441\" class=\"elementor elementor-441\">\n\t\t\t\t\t\t\t<div class=\"elementor-element elementor-element-475ba1b e-con-boxed e-flex e-con\" data-id=\"475ba1b\" data-element_type=\"container\" data-settings=\"{&quot;background_background&quot;:&quot;classic&quot;,&quot;content_width&quot;:&quot;boxed&quot;}\">\n\t\t\t\t\t<div class=\"e-con-inner\">\n\t\t<div class=\"elementor-element elementor-element-cb63d08 e-con-full e-flex e-con\" data-id=\"cb63d08\" data-element_type=\"container\" data-settings=\"{&quot;content_width&quot;:&quot;full&quot;}\">\n\t\t\t\t<div class=\"elementor-element elementor-element-191d6a7 elementor-widget elementor-widget-heading\" data-id=\"191d6a7\" data-element_type=\"widget\" data-widget_type=\"heading.default\">\n\t\t\t\t<div class=\"elementor-widget-container\">\n\t\t\t<style>\/*! elementor - v3.13.2 - 11-05-2023 *\/\n.elementor-heading-title{padding:0;margin:0;line-height:1}.elementor-widget-heading .elementor-heading-title[class*=elementor-size-]>a{color:inherit;font-size:inherit;line-height:inherit}.elementor-widget-heading .elementor-heading-title.elementor-size-small{font-size:15px}.elementor-widget-heading .elementor-heading-title.elementor-size-medium{font-size:19px}.elementor-widget-heading .elementor-heading-title.elementor-size-large{font-size:29px}.elementor-widget-heading .elementor-heading-title.elementor-size-xl{font-size:39px}.elementor-widget-heading .elementor-heading-title.elementor-size-xxl{font-size:59px}<\/style><h2 class=\"elementor-heading-title elementor-size-default\">Feira de Neg\u00f3cios<\/h2>\t\t<\/div>\n\t\t\t\t<\/div>\n\t\t\t\t<div class=\"elementor-element elementor-element-e649567 elementor-align-left elementor-widget elementor-widget-breadcrumbs\" data-id=\"e649567\" data-element_type=\"widget\" data-widget_type=\"breadcrumbs.default\">\n\t\t\t\t<div class=\"elementor-widget-container\">\n\t\t\t<link rel=\"stylesheet\" href=\"https:\/\/shimanofest.com.br\/wp-content\/plugins\/pro-elements\/assets\/css\/widget-theme-elements.min.css\"><p id=\"breadcrumbs\"><span><span><a href=\"https:\/\/shimanofest.com.br\/\">Home<\/a><\/span><\/span><\/p>\t\t<\/div>\n\t\t\t\t<\/div>\n\t\t\t\t<\/div>\n\t\t<div class=\"elementor-element elementor-element-a4eaaea e-con-full content-box e-flex e-con\" data-id=\"a4eaaea\" data-element_type=\"container\" data-settings=\"{&quot;content_width&quot;:&quot;full&quot;,&quot;background_background&quot;:&quot;classic&quot;}\">\n\t\t\t\t<div class=\"elementor-element elementor-element-524fcb5 elementor-widget elementor-widget-image\" data-id=\"524fcb5\" data-element_type=\"widget\" data-widget_type=\"image.default\">\n\t\t\t\t<div class=\"elementor-widget-container\">\n\t\t\t<style>\/*! elementor - v3.13.2 - 11-05-2023 *\/\n.elementor-widget-image{text-align:center}.elementor-widget-image a{display:inline-block}.elementor-widget-image a img[src$=\".svg\"]{width:48px}.elementor-widget-image img{vertical-align:middle;display:inline-block}<\/style>\t\t\t\t\t\t\t\t\t\t\t\t<img loading=\"lazy\" decoding=\"async\" width=\"2000\" height=\"1333\" src=\"https:\/\/shimanofest.com.br\/wp-content\/uploads\/2026\/04\/feiraneg.jpg\" class=\"attachment-full size-full wp-image-5050\" alt=\"\" srcset=\"https:\/\/shimanofest.com.br\/wp-content\/uploads\/2026\/04\/feiraneg.jpg 2000w, https:\/\/shimanofest.com.br\/wp-content\/uploads\/2026\/04\/feiraneg-300x200.jpg 300w, https:\/\/shimanofest.com.br\/wp-content\/uploads\/2026\/04\/feiraneg-1024x682.jpg 1024w, https:\/\/shimanofest.com.br\/wp-content\/uploads\/2026\/04\/feiraneg-768x512.jpg 768w, https:\/\/shimanofest.com.br\/wp-content\/uploads\/2026\/04\/feiraneg-1536x1024.jpg 1536w\" sizes=\"(max-width: 2000px) 100vw, 2000px\" \/>\t\t\t\t\t\t\t\t\t\t\t\t\t\t\t<\/div>\n\t\t\t\t<\/div>\n\t\t\t\t<div class=\"elementor-element elementor-element-50df7bd conteudo elementor-widget elementor-widget-text-editor\" data-id=\"50df7bd\" data-element_type=\"widget\" data-widget_type=\"text-editor.default\">\n\t\t\t\t<div class=\"elementor-widget-container\">\n\t\t\t<style>\/*! elementor - v3.13.2 - 11-05-2023 *\/\n.elementor-widget-text-editor.elementor-drop-cap-view-stacked .elementor-drop-cap{background-color:#69727d;color:#fff}.elementor-widget-text-editor.elementor-drop-cap-view-framed .elementor-drop-cap{color:#69727d;border:3px solid;background-color:transparent}.elementor-widget-text-editor:not(.elementor-drop-cap-view-default) .elementor-drop-cap{margin-top:8px}.elementor-widget-text-editor:not(.elementor-drop-cap-view-default) .elementor-drop-cap-letter{width:1em;height:1em}.elementor-widget-text-editor .elementor-drop-cap{float:left;text-align:center;line-height:1;font-size:50px}.elementor-widget-text-editor .elementor-drop-cap-letter{display:inline-block}<\/style>\t\t\t\t<p>Dias 20 e 21 de Agosto de 2026,&nbsp; o Shimano Fest se transforma no principal hub de neg\u00f3cios, debates e temas sobre a ind\u00fastria da bicicleta no Brasil.<br><span style=\"font-size: inherit; color: rgb(2, 159, 227); font-weight: bold;\">HOR\u00c1RIO DE FUNCIONAMENTO<br><\/span><span style=\"font-size: inherit; color: rgb(2, 159, 227); font-weight: bold;\">20\/08 \u2013 9h00 \u00e0s 20h00<br><\/span><span style=\"font-size: inherit;\"><font color=\"#029fe3\"><b>21\/08 \u2013 9h00 \u00e0s 17h00<br><\/b><\/font><\/span>Estes dois dias s\u00e3o dedicados exclusivamente aos profissionais do nosso setor:<\/p>\n<ul>\n<li>A inscri\u00e7\u00e3o \u00e9 gratuita<\/li>\n<li>O profissional precisa estar vinculado a um CNPJ ativo e do setor<\/li>\n<li>Workshops, palestras e debates sobre temas relevantes do empreendedorismo e desenvolvimento profissional no segmento da bike e esportes (programa\u00e7\u00e3o completa em breve)<\/li>\n<li>Uma grande feira do setor de bicicletas com tudo o que o profissional do mercado necessita:<\/li>\n<li>Conforto, seguran\u00e7a, f\u00e1cil acesso, alimenta\u00e7\u00e3o, workshops e palestras profissionais<\/li>\n<li>Exposi\u00e7\u00e3o das principais montadoras de bicicleta<\/li>\n<li>Diversas marcas e fabricantes de acess\u00f3rios nacionais e importados<\/li>\n<li>Grande n\u00famero de Produtores de vestu\u00e1rio de ciclismo e Esportivo<\/li>\n<li>Produtos diversos como mala bikes, alforjes, ilumina\u00e7\u00e3o, ciclocomputadores<\/li>\n<li><span style=\"background-color: transparent; text-align: var(--text-align);\">Equipamentos de seguran\u00e7a e empresas de suplementa\u00e7\u00e3o e hidrata\u00e7\u00e3o esportiva<\/span><\/li>\n<li>Ag\u00eancia de Viagens oficial: maior facilidade e condi\u00e7\u00f5es para o profissional de outros estados<\/li>\n<\/ul>\n<p>Ou seja, n\u00e3o fique de fora do maior acontecimento do mercado da bike no Brasil e Am\u00e9rica Latina: fa\u00e7a sua inscri\u00e7\u00e3o gratuita pelo APP Shimano Fest 2026, em breve.<\/p>\t\t\t\t\t\t<\/div>\n\t\t\t\t<\/div>\n\t\t\t\t<\/div>\n\t\t\t\t\t<\/div>\n\t\t\t\t<\/div>\n\t\t\t\t\t\t\t<\/div>\n\t\t","protected":false},"excerpt":{"rendered":"<p>Feira de Neg\u00f3cios Dias 20 e 21 de Agosto de 2026,&nbsp; o Shimano Fest se transforma no principal hub de neg\u00f3cios, debates e temas sobre a ind\u00fastria da bicicleta no Brasil.HOR\u00c1RIO DE FUNCIONAMENTO20\/08 \u2013 9h00 \u00e0s 20h0021\/08 \u2013 9h00 \u00e0s 17h00Estes dois dias s\u00e3o dedicados exclusivamente aos profissionais do nosso setor: A inscri\u00e7\u00e3o \u00e9 gratuita [&hellip;]<\/p>\n","protected":false},"author":3,"featured_media":0,"parent":18,"menu_order":0,"comment_status":"closed","ping_status":"closed","template":"","meta":{"inline_featured_image":false,"footnotes":""},"acf":[],"yoast_head":"<!-- This site is optimized with the Yoast SEO plugin v20.9 - https:\/\/yoast.com\/wordpress\/plugins\/seo\/ -->\n<title>Feira de Neg\u00f3cios - Shimano Fest<\/title>\n<meta name=\"robots\" content=\"index, follow, max-snippet:-1, max-image-preview:large, max-video-preview:-1\" \/>\n<link rel=\"canonical\" href=\"https:\/\/shimanofest.com.br\/index.php\/credenciamento\/feira-de-negocio\/\" \/>\n<meta property=\"og:locale\" content=\"pt_BR\" \/>\n<meta property=\"og:type\" content=\"article\" \/>\n<meta property=\"og:title\" content=\"Feira de Neg\u00f3cios - Shimano Fest\" \/>\n<meta property=\"og:description\" content=\"Feira de Neg\u00f3cios Dias 20 e 21 de Agosto de 2026,&nbsp; o Shimano Fest se transforma no principal hub de neg\u00f3cios, debates e temas sobre a ind\u00fastria da bicicleta no Brasil.HOR\u00c1RIO DE FUNCIONAMENTO20\/08 \u2013 9h00 \u00e0s 20h0021\/08 \u2013 9h00 \u00e0s 17h00Estes dois dias s\u00e3o dedicados exclusivamente aos profissionais do nosso setor: A inscri\u00e7\u00e3o \u00e9 gratuita [&hellip;]\" \/>\n<meta property=\"og:url\" content=\"https:\/\/shimanofest.com.br\/index.php\/credenciamento\/feira-de-negocio\/\" \/>\n<meta property=\"og:site_name\" content=\"Shimano Fest\" \/>\n<meta property=\"article:modified_time\" content=\"2026-04-16T20:11:14+00:00\" \/>\n<meta property=\"og:image\" content=\"https:\/\/shimanofest.com.br\/wp-content\/uploads\/2026\/04\/feiraneg.jpg\" \/>\n<meta name=\"twitter:card\" content=\"summary_large_image\" \/>\n<meta name=\"twitter:label1\" content=\"Est. tempo de leitura\" \/>\n\t<meta name=\"twitter:data1\" content=\"2 minutos\" \/>\n<script type=\"application\/ld+json\" class=\"yoast-schema-graph\">{\"@context\":\"https:\/\/schema.org\",\"@graph\":[{\"@type\":\"WebPage\",\"@id\":\"https:\/\/shimanofest.com.br\/index.php\/credenciamento\/feira-de-negocio\/\",\"url\":\"https:\/\/shimanofest.com.br\/index.php\/credenciamento\/feira-de-negocio\/\",\"name\":\"Feira de Neg\u00f3cios - Shimano Fest\",\"isPartOf\":{\"@id\":\"https:\/\/shimanofest.com.br\/#website\"},\"datePublished\":\"2023-05-30T17:56:14+00:00\",\"dateModified\":\"2026-04-16T20:11:14+00:00\",\"breadcrumb\":{\"@id\":\"https:\/\/shimanofest.com.br\/index.php\/credenciamento\/feira-de-negocio\/#breadcrumb\"},\"inLanguage\":\"pt-BR\",\"potentialAction\":[{\"@type\":\"ReadAction\",\"target\":[\"https:\/\/shimanofest.com.br\/index.php\/credenciamento\/feira-de-negocio\/\"]}]},{\"@type\":\"BreadcrumbList\",\"@id\":\"https:\/\/shimanofest.com.br\/index.php\/credenciamento\/feira-de-negocio\/#breadcrumb\",\"itemListElement\":[{\"@type\":\"ListItem\",\"position\":1,\"name\":\"Home\",\"item\":\"https:\/\/shimanofest.com.br\/\"},{\"@type\":\"ListItem\",\"position\":2,\"name\":\"Credenciamento\",\"item\":\"https:\/\/shimanofest.com.br\/?page_id=18\"},{\"@type\":\"ListItem\",\"position\":3,\"name\":\"Feira de Neg\u00f3cios\"}]},{\"@type\":\"WebSite\",\"@id\":\"https:\/\/shimanofest.com.br\/#website\",\"url\":\"https:\/\/shimanofest.com.br\/\",\"name\":\"Shimano Fest\",\"description\":\"\",\"potentialAction\":[{\"@type\":\"SearchAction\",\"target\":{\"@type\":\"EntryPoint\",\"urlTemplate\":\"https:\/\/shimanofest.com.br\/?s={search_term_string}\"},\"query-input\":\"required name=search_term_string\"}],\"inLanguage\":\"pt-BR\"}]}<\/script>\n<!-- \/ Yoast SEO plugin. -->","yoast_head_json":{"title":"Feira de Neg\u00f3cios - Shimano Fest","robots":{"index":"index","follow":"follow","max-snippet":"max-snippet:-1","max-image-preview":"max-image-preview:large","max-video-preview":"max-video-preview:-1"},"canonical":"https:\/\/shimanofest.com.br\/index.php\/credenciamento\/feira-de-negocio\/","og_locale":"pt_BR","og_type":"article","og_title":"Feira de Neg\u00f3cios - Shimano Fest","og_description":"Feira de Neg\u00f3cios Dias 20 e 21 de Agosto de 2026,&nbsp; o Shimano Fest se transforma no principal hub de neg\u00f3cios, debates e temas sobre a ind\u00fastria da bicicleta no Brasil.HOR\u00c1RIO DE FUNCIONAMENTO20\/08 \u2013 9h00 \u00e0s 20h0021\/08 \u2013 9h00 \u00e0s 17h00Estes dois dias s\u00e3o dedicados exclusivamente aos profissionais do nosso setor: A inscri\u00e7\u00e3o \u00e9 gratuita [&hellip;]","og_url":"https:\/\/shimanofest.com.br\/index.php\/credenciamento\/feira-de-negocio\/","og_site_name":"Shimano Fest","article_modified_time":"2026-04-16T20:11:14+00:00","og_image":[{"url":"https:\/\/shimanofest.com.br\/wp-content\/uploads\/2026\/04\/feiraneg.jpg"}],"twitter_card":"summary_large_image","twitter_misc":{"Est. tempo de leitura":"2 minutos"},"schema":{"@context":"https:\/\/schema.org","@graph":[{"@type":"WebPage","@id":"https:\/\/shimanofest.com.br\/index.php\/credenciamento\/feira-de-negocio\/","url":"https:\/\/shimanofest.com.br\/index.php\/credenciamento\/feira-de-negocio\/","name":"Feira de Neg\u00f3cios - Shimano Fest","isPartOf":{"@id":"https:\/\/shimanofest.com.br\/#website"},"datePublished":"2023-05-30T17:56:14+00:00","dateModified":"2026-04-16T20:11:14+00:00","breadcrumb":{"@id":"https:\/\/shimanofest.com.br\/index.php\/credenciamento\/feira-de-negocio\/#breadcrumb"},"inLanguage":"pt-BR","potentialAction":[{"@type":"ReadAction","target":["https:\/\/shimanofest.com.br\/index.php\/credenciamento\/feira-de-negocio\/"]}]},{"@type":"BreadcrumbList","@id":"https:\/\/shimanofest.com.br\/index.php\/credenciamento\/feira-de-negocio\/#breadcrumb","itemListElement":[{"@type":"ListItem","position":1,"name":"Home","item":"https:\/\/shimanofest.com.br\/"},{"@type":"ListItem","position":2,"name":"Credenciamento","item":"https:\/\/shimanofest.com.br\/?page_id=18"},{"@type":"ListItem","position":3,"name":"Feira de Neg\u00f3cios"}]},{"@type":"WebSite","@id":"https:\/\/shimanofest.com.br\/#website","url":"https:\/\/shimanofest.com.br\/","name":"Shimano Fest","description":"","potentialAction":[{"@type":"SearchAction","target":{"@type":"EntryPoint","urlTemplate":"https:\/\/shimanofest.com.br\/?s={search_term_string}"},"query-input":"required name=search_term_string"}],"inLanguage":"pt-BR"}]}},"_links":{"self":[{"href":"https:\/\/shimanofest.com.br\/index.php\/wp-json\/wp\/v2\/pages\/441"}],"collection":[{"href":"https:\/\/shimanofest.com.br\/index.php\/wp-json\/wp\/v2\/pages"}],"about":[{"href":"https:\/\/shimanofest.com.br\/index.php\/wp-json\/wp\/v2\/types\/page"}],"author":[{"embeddable":true,"href":"https:\/\/shimanofest.com.br\/index.php\/wp-json\/wp\/v2\/users\/3"}],"replies":[{"embeddable":true,"href":"https:\/\/shimanofest.com.br\/index.php\/wp-json\/wp\/v2\/comments?post=441"}],"version-history":[{"count":83,"href":"https:\/\/shimanofest.com.br\/index.php\/wp-json\/wp\/v2\/pages\/441\/revisions"}],"predecessor-version":[{"id":5450,"href":"https:\/\/shimanofest.com.br\/index.php\/wp-json\/wp\/v2\/pages\/441\/revisions\/5450"}],"up":[{"embeddable":true,"href":"https:\/\/shimanofest.com.br\/index.php\/wp-json\/wp\/v2\/pages\/18"}],"wp:attachment":[{"href":"https:\/\/shimanofest.com.br\/index.php\/wp-json\/wp\/v2\/media?parent=441"}],"curies":[{"name":"wp","href":"https:\/\/api.w.org\/{rel}","templated":true}]}}